{"id":85,"date":"2017-07-28T09:19:02","date_gmt":"2017-07-28T07:19:02","guid":{"rendered":"http:\/\/serwer1734277.home.pl\/?page_id=85"},"modified":"2025-02-20T15:13:08","modified_gmt":"2025-02-20T14:13:08","slug":"wyklady","status":"publish","type":"page","link":"https:\/\/www.aktywnyseniormm.pl\/index.php\/wyklady\/","title":{"rendered":"Wyk\u0142ady"},"content":{"rendered":"\n<p>SZCZEG\u00d3\u0141OWY&nbsp; ROZK\u0141AD &nbsp;ZAJE\u0106<\/p>\n\n\n\n<p>S\u0141UCHACZY&nbsp; MUTW<\/p>\n\n\n\n<p>W &nbsp;II &nbsp;SEMESTRZE&nbsp; 2024\/2025<\/p>\n\n\n\n<p>(17 lutego 2025&nbsp; \u2013&nbsp; 05 czerwca 2025)<\/p>\n\n\n\n<figure class=\"wp-block-table\"><table class=\"has-fixed-layout\"><tbody><tr><td>Data\/godz<\/td><td>Temat wyk\u0142adu<\/td><td colspan=\"2\">Wyk\u0142adowca<\/td><\/tr><tr><td colspan=\"4\"><strong>&nbsp;&nbsp;&nbsp;&nbsp;&nbsp;&nbsp; &nbsp;&nbsp;&nbsp;&nbsp;&nbsp;&nbsp;&nbsp;&nbsp;&nbsp;&nbsp;&nbsp;&nbsp;&nbsp;&nbsp;&nbsp;&nbsp;&nbsp;&nbsp;&nbsp;&nbsp;&nbsp;&nbsp;&nbsp;&nbsp;&nbsp;LUTY 2025<\/strong><\/td><\/tr><tr><td>&nbsp; 20.02.2025 &nbsp; 10.00 &nbsp; 11.20<\/td><td colspan=\"2\">\u00a0 Cyberbezpiecze\u0144stwo <br>\u00a0Zarz\u0105dzanie kryzysowe<\/td><td>&nbsp; Anna G\u00f3recka &nbsp; koord.&nbsp; Miros\u0142awa Bieda &nbsp;<\/td><\/tr><tr><td>&nbsp; 27.02.2025 &nbsp; 10.00<\/td><td colspan=\"2\">&nbsp;&nbsp;&nbsp;&nbsp; Adam Asnyk &nbsp;(1838 \u2013 1897) widowisko poetyckie<\/td><td>&nbsp;Uczniowie SP &nbsp;nr 3, s\u0142uchacze MUTW<\/td><\/tr><tr><td colspan=\"4\"><strong><em>I N N E<\/em><\/strong><\/td><\/tr><tr><td><em>19.02.202520.02.2025<\/em> <em>wyj. 17.15 MDK, MSA<\/em><\/td><td><em>Teatr Narodowy<\/em> <em>Spektakl \u201eTchnienie\u201d<\/em> <em>&nbsp;<\/em> <em>2 grupy &nbsp;(45 + 50 os\u00f3b)<\/em><\/td><td colspan=\"2\"><em>Zarz\u0105d<\/em> <em>&nbsp;<\/em> <em>koord. Zyta Drabarek<\/em><\/td><\/tr><tr><td><em>27.02,2025<\/em> <em>ESTA<\/em><\/td><td><em>WALENTYNKI<\/em><\/td><td colspan=\"2\"><em>Rada S\u0142uchaczy<\/em><\/td><\/tr><tr><td colspan=\"4\"><strong>&nbsp;&nbsp;&nbsp;&nbsp;&nbsp; &nbsp;&nbsp;&nbsp;&nbsp;&nbsp;&nbsp;&nbsp;&nbsp;&nbsp;&nbsp;&nbsp;&nbsp;&nbsp;&nbsp;&nbsp;&nbsp;&nbsp;&nbsp;&nbsp;&nbsp;&nbsp;&nbsp;&nbsp;&nbsp;MARZEC&nbsp; 2025<\/strong><\/td><\/tr><tr><td>06.03.2025 &nbsp; 10.00 &nbsp; &nbsp; &nbsp;<\/td><td>Maria Sk\u0142odowska \u2013 Curie. \u017bycie i dokonania polskiej uczonej<em><\/em><\/td><td colspan=\"2\">&nbsp; Prof. dr hab.&nbsp; Zofia Zwolska<\/td><\/tr><tr><td>13.03.2025 &nbsp; 10.00 &nbsp; &nbsp; &nbsp; &nbsp; &nbsp; &nbsp; 11.20 &nbsp; &nbsp;<\/td><td>1.W\u0142adys\u0142aw Stanis\u0142aw Reymont (1867 \u2013 1925) \u2013 w 100. rocznic\u0119 przyznania nagrody Nobla&nbsp; (1924) &nbsp;2. Bezpiecze\u0144stwo senior\u00f3w<\/td><td colspan=\"2\">\u00a0 \u00a0 \u00a0Jaros\u0142aw Filipek \u00a0 \u00a0 \u00a0 <br><br><br><br><br>\u00a0 Policja<\/td><\/tr><tr><td>20.03.2025 &nbsp; 10.00<\/td><td>Powitanie wiosny w kapeluszach. \u201eSzcz\u0119\u015bliwa 60\u201d \u2013 wyst\u0119p zespo\u0142u<\/td><td colspan=\"2\">&nbsp; Zarz\u0105d RS<\/td><\/tr><tr><td><\/td><td><\/td><td><\/td><td><\/td><\/tr><\/tbody><\/table><\/figure>\n\n\n\n<figure class=\"wp-block-table\"><table class=\"has-fixed-layout\"><tbody><tr><td>&nbsp; 27.03.2025 &nbsp; 10.00<\/td><td>&nbsp; Sztuka starzenia<\/td><td>&nbsp; Tomasz Rejent psycholog Fundacja Razem<\/td><\/tr><tr><td colspan=\"3\"><strong><em>I N N E<\/em><\/strong><\/td><\/tr><tr><td>&nbsp;<\/td><td><em>Muzeum Powstania Warszawskiego<\/em><\/td><td><em>Zarz\u0105d<\/em><\/td><\/tr><tr><td>&nbsp;<\/td><td><em>Muzeum Polin<\/em><\/td><td><em>Zarz\u0105d<\/em><\/td><\/tr><tr><td colspan=\"3\"><strong>KWIECIE\u0143&nbsp; 2025<\/strong><\/td><\/tr><tr><td>03.04.2025 &nbsp; 10.00<\/td><td>Maria Pawlikowska \u2013 Jasnorzewska<\/td><td>&nbsp;Marlena Pryzwan<\/td><\/tr><tr><td>10.04.2025 10.00<\/td><td>LASY&nbsp; &#8211; Dzie\u0144 Ziemi<\/td><td>&nbsp;Pawe\u0142 Kozakiewicz<\/td><\/tr><tr><td colspan=\"3\"><strong>17.04.2025 \u2013 21.04.2025<\/strong> <strong>&nbsp;PRZERWA \u015aWI\u0104TECZNA WIELKANOCNA<\/strong><\/td><\/tr><tr><td>&nbsp; 24.04.2025 &nbsp; 10.00<\/td><td>Oskar Kolberg polski etnograf &#8211; w 200 lecie urodzin<\/td><td>&nbsp; Igor Pogorzelski<\/td><\/tr><tr><td colspan=\"3\"><strong><em>I N N E<\/em><\/strong><\/td><\/tr><tr><td><em>23.04.2025<\/em> <em>&nbsp;<\/em> <em>wycieczka jednodnio-wa<\/em><\/td><td><em>\u015aladem trzech kultur \u2013 W\u0119gr\u00f3w \u2013 Liw &#8211; Drohiczyn<\/em><\/td><td><em>Zesp\u00f3\u0142 Turystyczny<\/em> <em>przewodnik Daniel Sukniewicz<\/em><\/td><\/tr><tr><td colspan=\"3\"><strong>&nbsp;&nbsp;&nbsp;&nbsp;&nbsp;&nbsp;&nbsp;&nbsp;&nbsp;&nbsp;&nbsp;&nbsp;&nbsp;&nbsp;&nbsp;&nbsp;&nbsp;&nbsp;&nbsp;&nbsp;&nbsp;&nbsp;&nbsp;&nbsp;&nbsp;&nbsp;&nbsp; MAJ&nbsp; 2025<\/strong><\/td><\/tr><tr><td>08.05.2025 &nbsp; 10.00<\/td><td>50 lat UTW w Polsce &#8211;&nbsp; Halina Szwarc<\/td><td>&nbsp; Irena &nbsp;Moskal<\/td><\/tr><tr><td>&nbsp; 15.05.2025 &nbsp; 10.00<\/td><td>Sprawozdawcze WZC Stowarzyszenia \u201eRTW\u201d<\/td><td>&nbsp; Zarz\u0105d<\/td><\/tr><tr><td>&nbsp; 22.05.2025 &nbsp; 10.00<\/td><td>Stefan \u017beromski (1864 \u2013 1925) w 100. rocznic\u0119 \u015bmierci<\/td><td>wyk\u0142. w uzgodnieniu<\/td><\/tr><tr><td>&nbsp; 29.05.2025 10.00<\/td><td>Cykl: Kuchnie \u015bwiata: Kuchnia egzotyczna<\/td><td>Krzysztof Dworczyk<\/td><\/tr><tr><td colspan=\"3\"><strong><em>I N N E<\/em><\/strong><\/td><\/tr><tr><td><em>10.05.2025<\/em><\/td><td><em>Piknik NW w Mieni<\/em><\/td><td><em>RS, Zarz\u0105d<\/em><\/td><\/tr><tr><td><em>27.05.2025<\/em> <em>wycieczka jednodniowa<\/em><\/td><td><em>Przysucha \u2013 Muzeum Oskara Kolberga<\/em><\/td><td><em>Zarz\u0105d<\/em> <em>Zesp\u00f3\u0142 Turystyczny<\/em><\/td><\/tr><\/tbody><\/table><\/figure>\n\n\n\n<figure class=\"wp-block-table\"><table class=\"has-fixed-layout\"><tbody><tr><td colspan=\"3\"><strong>CZERWIEC&nbsp; 2025<\/strong><\/td><\/tr><tr><td><strong>05.06.2025<\/strong> <strong>&nbsp;<\/strong> <strong>11.00<\/strong><\/td><td><strong>Zako\u0144czenie Roku Akademickiego<\/strong> <strong>&nbsp;<\/strong> <strong>Wyst\u0119p&nbsp; artystyczny s\u0142uchaczy MUTW<\/strong> <strong>&nbsp;<\/strong><\/td><td>&nbsp; Zarz\u0105d<\/td><\/tr><tr><td colspan=\"3\"><strong>WYJAZDY&nbsp; WAKACYJNE<\/strong><strong><\/strong><\/td><\/tr><tr><td colspan=\"2\"><em>Letni wypoczynek &nbsp;w Ustce<\/em> <em>w dn. 17.06.2025 \u2013 27.06.2025<\/em> <em>&nbsp;<\/em> <em>Letni \u2013 rehabilitacyjny wypoczynek &nbsp;&nbsp;&nbsp;&nbsp;&nbsp;&nbsp;&nbsp;&nbsp;&nbsp;&nbsp;&nbsp;w Busku Zdroju<\/em> <em>w dn. 01.07.2025 \u2013 10.07.2025<\/em> <em>&nbsp;<\/em> <em>Letni wypoczynek &nbsp;w Rowach<\/em> <em>&#8211; w dn. 15.08.2025 \u2013 26.08.2025<\/em><\/td><td><em>koord. Z. H. Gryz<\/em> <em>&nbsp;<\/em> <em>&nbsp;<\/em> <em>koord. E. Ga\u0144ko<\/em> &nbsp; &nbsp; <em>koord. Z. Grzelak<\/em><\/td><\/tr><\/tbody><\/table><\/figure>\n\n\n\n<p><strong>K\u0104CIK&nbsp; HISTORYCZNY \u2013 1. czwartek miesi\u0105ca&nbsp;&nbsp;<\/strong><\/p>\n\n\n\n<p><strong>K\u0104CIK&nbsp; BIBLIOTECZNY \u2013 3. czwartek miesi\u0105ca<\/strong><\/p>\n\n\n\n<p><strong>K\u0104CIK \u017bYCZENIOWY \u2013 ostatni czwartek miesi\u0105ca<\/strong><\/p>\n\n\n\n<p>SZCZEG\u00d3\u0141OWY&nbsp; ROZK\u0141AD &nbsp;ZAJE\u0106<\/p>\n\n\n\n<p>S\u0141UCHACZY&nbsp; MUTW<\/p>\n\n\n\n<p>W &nbsp;I &nbsp;SEMESTRZE&nbsp; 2024\/2025<\/p>\n\n\n\n<p>(3 PA\u0179DZIERNIKA 2024&nbsp; \u2013&nbsp; 31 stycznia 2025)<\/p>\n\n\n\n<figure class=\"wp-block-table\"><table class=\"has-fixed-layout\"><tbody><tr><td>Data\/godz<\/td><td>Temat wyk\u0142adu<\/td><td colspan=\"2\">Wyk\u0142adowca<\/td><\/tr><tr><td colspan=\"4\"><strong>&nbsp;&nbsp;&nbsp;&nbsp;&nbsp;&nbsp;&nbsp;&nbsp;&nbsp;&nbsp;&nbsp;&nbsp;&nbsp;&nbsp;&nbsp;&nbsp;&nbsp;&nbsp;&nbsp;&nbsp;&nbsp;&nbsp;&nbsp;&nbsp;&nbsp;&nbsp;&nbsp;&nbsp;&nbsp;&nbsp;&nbsp;&nbsp;&nbsp;&nbsp;&nbsp;&nbsp;&nbsp;&nbsp;&nbsp; PA\u0179DZIERNIK 2024<\/strong><\/td><\/tr><tr><td>&nbsp; 03.10.2024 &nbsp; 10.00 &nbsp; &nbsp; &nbsp;<\/td><td colspan=\"2\">INAUGURACJA 1-Cz\u0119\u015b\u0107 oficjalna 2-Wyk\u0142ad: Bona \u2013 fenomen Kr\u00f3lowej 3- Prze\u017cyjmy &nbsp;to jeszcze raz \u2013 ARS 2024 W\u0142oc\u0142awek<\/td><td>Zarz\u0105d &nbsp; D. Sukniewicz &nbsp; zespo\u0142y artystyczne MUTW \u2013 kr\u00f3tka prezentacja<\/td><\/tr><tr><td>&nbsp; 10.10.2024 &nbsp; 10.00<\/td><td colspan=\"2\">1. Chirurdzy \u2013 lekarze czy Bogowie? &nbsp;2. \u015alubowanie nowych cz\u0142onk\u00f3w S\u201dRTW\u201d<\/td><td>&nbsp; dr n. med. Jacek &nbsp;Ruci\u0144ski &nbsp; Zarz\u0105d, RS<\/td><\/tr><tr><td>&nbsp; 17.10.2024 &nbsp; 10.00<\/td><td colspan=\"2\">1.Malarstwo Stanis\u0142awa Wyspia\u0144skiego 2.Wybory Rady S\u0142uchaczy<\/td><td>p. Ola Kresowska &nbsp; &nbsp; &nbsp;<\/td><\/tr><tr><td><strong>&nbsp;<\/strong> <strong><u>21.10.2024<\/u><\/strong> <strong><u>Poniedzia\u0142ek<\/u><\/strong> &nbsp; 12.30<\/td><td colspan=\"2\">&nbsp; Polska i jej bezpiecze\u0144stwo &nbsp; &nbsp; <strong>wyk\u0142ad otwarty<\/strong><\/td><td>&nbsp;Gen. Bogus\u0142aw Pacek Dyrektor Muzeum Wojska Polskiego<\/td><\/tr><tr><td colspan=\"4\"><strong><em>I N N E<\/em><\/strong><\/td><\/tr><tr><td><em>12.10.2024<\/em> <em>godz. \u2026<\/em><\/td><td><em>\u015awi\u0119to ziemniaka \u2013 piknk integracyjny<\/em><\/td><td colspan=\"2\"><em>Rada S\u0142uchaczy<\/em><\/td><\/tr><tr><td><em>20.10.2024<\/em> <em>&nbsp;<\/em> <em>niedziela<\/em> <em>godz. 18.00<\/em><\/td><td><em>Europejski Dzie\u0144 Seniora <strong>&#8211; Koncert w wykonaniu zespo\u0142\u00f3w artystycznych MUTW<\/strong>&nbsp; <\/em><em><\/em><\/td><td colspan=\"2\"><em>&nbsp;<\/em> <em>Miejski Dom Kultury<\/em><\/td><\/tr><tr><td><em>29.10.2024<\/em> <em>wtorek<\/em> <em>wyjazd ok. 9.00<\/em><\/td><td><em>Warszawa: Spacer po \u0141azienkach Warszawskich<\/em><\/td><td colspan=\"2\"><em>przewodnik<\/em> <em>Hubert Smoczyk<\/em><\/td><\/tr><tr><td><\/td><td><\/td><td><\/td><td><\/td><\/tr><\/tbody><\/table><\/figure>\n\n\n\n<figure class=\"wp-block-table\"><table class=\"has-fixed-layout\"><tbody><tr><td colspan=\"3\"><strong>&nbsp;&nbsp;&nbsp;&nbsp;&nbsp;&nbsp;&nbsp;&nbsp;&nbsp;&nbsp;&nbsp;&nbsp;&nbsp;&nbsp;&nbsp;&nbsp;&nbsp;&nbsp;&nbsp;&nbsp;&nbsp;&nbsp;&nbsp;&nbsp;&nbsp;&nbsp;&nbsp;&nbsp;&nbsp;&nbsp;&nbsp;&nbsp;&nbsp;&nbsp;&nbsp;&nbsp;&nbsp;&nbsp;&nbsp;&nbsp;&nbsp;&nbsp; LISTOPAD 2024<\/strong><\/td><\/tr><tr><td>07.11.2024 &nbsp; 10.00 &nbsp; &nbsp; &nbsp; 07.11.2024 &nbsp; 10.40<\/td><td>1.\u015awi\u0119to Niepodleg\u0142o\u015bci \u2013 widowisko s\u0142owno \u2013 muzyczne &nbsp; 2. Wincenty Witos \u2013 trzykrotny Premier Polski<\/td><td>Przedszkole Miejskie&nbsp; Nr 6 &nbsp; &nbsp; &nbsp; przedstawiciel Muzeum Ruchu Ludowego<\/td><\/tr><tr><td>14.11.2024 &nbsp; 10.00&nbsp;&nbsp; &nbsp; &nbsp;<br><em>zamiana tematu i prelegenta wyk\u0142adu<\/em><\/td><td>Tajniki genealogii<\/td><td>dr Andrzej Nowik<br> <strong>wyk\u0142ad otwarty<\/strong><\/td><\/tr><tr><td>21.11.2024 10.00&nbsp;<br>zmiana tematu i prelegenta wyk\u0142adu&nbsp;<\/td><td>Opowie\u015b\u0107 o historii 7 Pu\u0142ku U\u0142an\u00f3w Lubelskich<\/td><td>&nbsp;p. Przemys\u0142aw Fedorowicz<\/td><\/tr><tr><td>28.11.2024 10.00<\/td><td>\u015awi\u0119to Wina Beaujolais Nouveau &#8211; <strong>Wino to nie tylko alkohol<\/strong><\/td><td>\u201eM&amp;P Alkohole \u015awiata\u201d koord. Edward Gutkowski<\/td><\/tr><tr><td colspan=\"3\"><strong><em>&nbsp;&nbsp;&nbsp;&nbsp;&nbsp;&nbsp;&nbsp;&nbsp;&nbsp;&nbsp;&nbsp;&nbsp;&nbsp;&nbsp;&nbsp;&nbsp;&nbsp;&nbsp;&nbsp;&nbsp;&nbsp;&nbsp;&nbsp;&nbsp;&nbsp;&nbsp;&nbsp;&nbsp; I N N E<\/em><\/strong><\/td><\/tr><tr><td><em>&nbsp;<\/em>09.11.2024 wyjazd<br>godz. 18.00 MDK MSA<\/td><td><em>Teatr Polonia spektakl<\/em><br>&#8222;Grace i Gloria&#8221;<\/td><td>koord. Z. Drabarek<\/td><\/tr><tr><td><em>&nbsp;<\/em>28.11.2024 czwartek<\/td><td><em> <\/em>Zabawa Andrzejkowa<\/td><td><em> <\/em>Rada S\u0142uchaczy<br>Zarz\u0105d<\/td><\/tr><tr><td colspan=\"3\">&nbsp;<em>&nbsp;<\/em>&nbsp;&nbsp;&nbsp;&nbsp;&nbsp;&nbsp;&nbsp;&nbsp;&nbsp;&nbsp;&nbsp;&nbsp;&nbsp;&nbsp;&nbsp;&nbsp;&nbsp;&nbsp;&nbsp;&nbsp;&nbsp;&nbsp; &nbsp;&nbsp;&nbsp;&nbsp;&nbsp;&nbsp;&nbsp;&nbsp;&nbsp;&nbsp;&nbsp;&nbsp;&nbsp;&nbsp;&nbsp;&nbsp;&nbsp;&nbsp;&nbsp;&nbsp;&nbsp;&nbsp;&nbsp;<strong>GRUDZIE\u0143 2024<\/strong><\/td><\/tr><tr><td>05.12.2024 10.00<\/td><td>Pi\u0119kny u\u015bmiech przez lata<\/td><td>&nbsp;p. Kamila Wr\u00f3bel-Bednarz stomatolog<\/td><\/tr><tr><td>12.12.2024 10.00<\/td><td>Jak pogodnie prze\u017cywa\u0107 trudne czasy<\/td><td>&nbsp; p. J. Szwalbe &nbsp;<\/td><\/tr><tr><td>&nbsp; 19.12.2024<\/td><td>1.Jase\u0142ka \u2013 widowisko Bo\u017conarodzeniowe 2.Choinka og\u00f3lna dla wszystkich &#8211; wsp\u00f3lne kol\u0119dowanie z Ch\u00f3rem \u201e\u015apiewamy Razem\u201d-<\/td><td>Przedszkolaki z &nbsp;Domowego Przedszkola &nbsp; RS, Zarz\u0105d<\/td><\/tr><\/tbody><\/table><\/figure>\n\n\n\n<figure class=\"wp-block-table\"><table class=\"has-fixed-layout\"><tbody><tr><td>&nbsp;<\/td><td><strong><em>&nbsp;&nbsp;&nbsp;&nbsp;&nbsp;&nbsp;&nbsp;&nbsp;&nbsp;&nbsp; I N N E<\/em><\/strong><\/td><td>&nbsp;<\/td><\/tr><tr><td>12.12.2024 czwartek<br>wyjazd MDK MSA <br>godz. 17.30<\/td><td>Teatr KAMIENICA<br>&#8222;Metoda na wnuczka&#8221;<\/td><td>koord. Z.Drabarek<\/td><\/tr><tr><td>14.12.2024 sobota<br>wyjazd indywidualny<br>Koleje Mazowieckie<\/td><td>MUZEUM NARODOWE<br>Wystawa malarstwa Stanis\u0142awa Wyspia\u0144skiego<\/td><td>koord. K. Makos<\/td><\/tr><tr><td>19.12.2024 czwartek ESTA<\/td><td><em>Spotkanie wigilijne w lokalu \u201eEsta\u201d (dla ch\u0119tnych)<\/em><\/td><td>Zarz\u0105d &nbsp; (sk\u0142adkowe)<\/td><\/tr><tr><td colspan=\"3\"><strong>Przerwa \u015bwi\u0105teczna od 23.12.2024 do 06.01.2025<\/strong><em><\/em><\/td><\/tr><tr><td colspan=\"3\"><strong>STYCZE\u0143 2025<\/strong><\/td><\/tr><tr><td>09.01.202110.00<\/td><td>Czy mo\u017cna \u017ale oddycha\u0107? Na co wp\u0142ywa nieprawid\u0142owy spos\u00f3b oddychania?<\/td><td>&nbsp; neurologopeda p. Dominika Karolewska<\/td><\/tr><tr><td>16.01.2025 10.00<br><em>Z<strong>amiana tematu i prelegenta wyk\u0142adu<\/strong><\/em><\/td><td>Polityka Polski wobec sytuacji mi\u0119dzynarodowej<\/td><td>Pawe\u0142 Kowal<br>Pose\u0142 RP<br>wyk\u0142ad otwarty<\/td><\/tr><tr><td>23.01.2025 10.00 &nbsp; &nbsp; &nbsp; 10.40<\/td><td>1.Dzie\u0144 Babci i Dziadka \u2013 widowisko artystyczne 2.Zimno ju\u017c by\u0142o<\/td><td>Przedszkolaki PM nr 6 &nbsp; &nbsp; p. R. Szewczyk<\/td><\/tr><tr><td>30.01.2025 10.00<\/td><td>Pa\u0142ace Wielkopolski &nbsp;<\/td><td>p. E. Szutenbach<\/td><\/tr><tr><td colspan=\"3\"><em>I N N E<\/em><\/td><\/tr><tr><td>&nbsp;<\/td><td><em>teatr &#8211; <\/em><em>w uzgadnianiu<\/em><em><\/em><\/td><td><em>Z. Drabarek<\/em><\/td><\/tr><tr><td colspan=\"3\">Ferie zimowe 03.02.2025 \u2013 16.02.2025<\/td><\/tr><tr><td colspan=\"2\"><em>Wypoczynek zimowy w Ustroniu \u015al\u0105skim<\/em> <em>w dn. 08 \u2013 15.02.2025<\/em> <em>&nbsp;<\/em> <em>Wypoczynek zimowy w Szaflarach<\/em> <em>&#8211; w dn. 31.01.2025 \u2013 7.02.2025<\/em><\/td><td><em>koord. Z. Grzelak<\/em> <em>&nbsp;<\/em> <em>&nbsp;<\/em> <em>koord. M. Kulma<\/em> &nbsp;<\/td><\/tr><\/tbody><\/table><\/figure>\n\n\n\n<p><strong>K\u0104CIK&nbsp; HISTORYCZNY \u2013 1. czwartek miesi\u0105ca&nbsp;&nbsp;<\/strong><\/p>\n\n\n\n<p><strong>K\u0104CIK&nbsp; BIBLIOTECZNY \u2013 3. czwartek miesi\u0105ca<\/strong><\/p>\n\n\n\n<p><strong>K\u0104CIK \u017bYCZENIOWY \u2013 ostatni czwartek miesi\u0105ca<\/strong><\/p>\n\n\n\n<p>Zofia Grzelak<\/p>\n\n\n\n<p><\/p>\n\n\n\n\n\n\n\n\n\n<p><\/p>\n\n\n\n<p>&nbsp;<\/p>\n<p>&nbsp;<\/p>\n<p>&nbsp;<\/p>\n<p>&nbsp;<\/p>\n\n\n\n<p>SZCZEG\u00d3\u0141OWY&nbsp; ROZK\u0141AD &nbsp;ZAJE\u0106<\/p>\n\n\n\n<p>S\u0141UCHACZY&nbsp; MUTW<\/p>\n\n\n\n<p>W &nbsp;II &nbsp;SEMESTRZE&nbsp; 2023\/2024<\/p>\n\n\n\n<p>(29 stycznia 2024&nbsp; \u2013&nbsp; 06 czerwca 2024)<\/p>\n\n\n\n<figure class=\"wp-block-table\"><table><tbody><tr><td>Data\/godz<\/td><td>Temat wyk\u0142adu<\/td><td>Wyk\u0142adowca<\/td><\/tr><tr><td colspan=\"3\"><strong>LUTY&nbsp; 2024<\/strong><\/td><\/tr><tr><td>01.02.2024 &nbsp; 10.00<\/td><td>&nbsp;&nbsp;Z kart historii \u015bwiatowych wynalazk\u00f3w: Wilhelm Conrad R\u00f6ntgen i promienie X<\/td><td>Prof. Zofia Zwolska &nbsp; wyk\u0142ad otwarty<\/td><\/tr><tr><td>&nbsp; 08.02.2024 &nbsp; 10.00<\/td><td>Nasze zdrowie: Najcz\u0119stsze problemy st\u00f3p i ko\u0144czyn dolnych w praktyce podologa<\/td><td>p. Ewelina \u017bukowska &#8211; Mytkowska &nbsp;<\/td><\/tr><tr><td>&nbsp; 15.02.2024 &nbsp; 10.00<\/td><td>Zabytki kultury materialnej &#8211; Wilan\u00f3w<\/td><td>o. Ola Kresowska<\/td><\/tr><tr><td>&nbsp; 22.02.2024 &nbsp; 10.00<\/td><td>1. Miko\u0142aj Kopernik \u2013 czy go znamy? 2. Dlaczego mamy rok przest\u0119pny?<\/td><td>p. Emilia Szutenbach &nbsp; p. S\u0142awomir Ziemicki<\/td><\/tr><tr><td>&nbsp; 29.02.2024 &nbsp; 10.00<\/td><td>Zmiany w infrastrukturze spo\u0142ecznej i gospodarczej naszego regionu \u2013 miasta i powiatu w ostatnich latach. Uwarunkowania<\/td><td>&nbsp; Starosta Mi\u0144ski p. Antoni Jan Tarczy\u0144ski &nbsp; Burmistrz Miasta Mi\u0144sk Mazowiecki p. Marcin Jakubowski<\/td><\/tr><tr><td colspan=\"3\"><strong><em>I N N E<\/em><\/strong><\/td><\/tr><tr><td><em>08.02.2024<\/em> <em>16.00 ESTA<\/em><\/td><td><em>WALENTYNKI \u2013 zabawa karnawa\u0142owa<\/em><\/td><td><em>RS, Zarz\u0105d<\/em> <em>(sk\u0142adkowa)<\/em><\/td><\/tr><tr><td><em>&nbsp;<\/em><\/td><td><em>Teatr<\/em> <em>w uzgadnianiu<\/em><\/td><td><em>koord. Zyta Drabarek<\/em><\/td><\/tr><tr><td><em>&nbsp;\u2026\u2026\u2026\u2026..<\/em> <em>&nbsp;<\/em> <em>\u2026\u2026\u2026\u2026\u2026<\/em><\/td><td><em>Spotkanie \u2013 przygotowania &nbsp;do wydania biuletynu XV-lecia S\u201dRTW\u201d<\/em><\/td><td><em>&nbsp;ZD<\/em> <em>koord. Jadwiga Maciejewska<\/em><em><\/em><\/td><\/tr><\/tbody><\/table><\/figure>\n\n\n\n<figure class=\"wp-block-table\"><table><tbody><tr><td colspan=\"3\"><strong>&nbsp;&nbsp;&nbsp;&nbsp;&nbsp;&nbsp;&nbsp;&nbsp;&nbsp; &nbsp;&nbsp;&nbsp;&nbsp;&nbsp;&nbsp;&nbsp;&nbsp;&nbsp;&nbsp;&nbsp;&nbsp;&nbsp;&nbsp;MARZEC&nbsp; 2024<\/strong><\/td><\/tr><tr><td>07.03.2024 &nbsp; 10.00 &nbsp; &nbsp; 11.15<\/td><td>1. Jaros\u0142aw Iwaszkiewicz \u2013 dorobek tw\u00f3rczy (w 130. rocznic\u0119 urodzin) 2. Dzie\u0144 Kobiet i M\u0119\u017cczyzn<\/td><td>&nbsp;p. Violetta Machnicka &nbsp; &nbsp; koord. E. Ga\u0144ko &nbsp;<\/td><\/tr><tr><td>14.03.2024 10.00 &nbsp; 11.15<\/td><td>1. Damy w siodle &nbsp; 2. Co z tym snem?<\/td><td>p. Urszula Kowalczuk p. Hanna Michalska<\/td><\/tr><tr><td>21.03.2024 &nbsp; 10.00<\/td><td>1. Chopin i George Sand&nbsp; i ich zima&nbsp; na Majorce 2. Powitanie Wiosny \u2013 \u201eKapelusze\u201d<\/td><td>p. Igor Pogorzelski &nbsp; &nbsp; RS<\/td><\/tr><tr><td colspan=\"3\"><strong><em>I N N E<\/em><\/strong><\/td><\/tr><tr><td>&nbsp;<\/td><td><em>Spotkanie \u2013 przygotowania &nbsp;do wydania biuletynu XV-lecia S\u201dRTW\u201d<\/em><\/td><td><em>ZD<\/em> <em>koord. Jadwiga Maciejewska<\/em><\/td><\/tr><tr><td>10.03.2024 wyjazd &nbsp;<\/td><td><em>Teatr ATENEUM:<\/em> <em>\u201dGustawowi Holoubkowi \u201e\u2026<\/em><\/td><td><em>koord. Zyta Drabarek<\/em><\/td><\/tr><tr><td colspan=\"3\"><strong>Przerwa \u015bwi\u0105teczna Wielkanocna 28.03.24 &#8211; 02.04.24<\/strong><\/td><\/tr><tr><td colspan=\"3\"><strong>KWIECIE\u0143&nbsp; 2024<\/strong><em><\/em><\/td><\/tr><tr><td>04.04.2024<\/td><td>Lasy,&nbsp; gospodarka le\u015bna i ich wp\u0142yw na nasze \u017cycie<\/td><td>&nbsp; p. Pawe\u0142 Kozakiewicz<\/td><\/tr><tr><td>11.04.2024<\/td><td>100 lat polskiego z\u0142otego (24.04.1924&nbsp; wprowadzony do obiegu)<\/td><td>&nbsp; p. Roman Ru\u015bplo &nbsp; wyk\u0142ad otwarty<\/td><\/tr><tr><td>18.04.2024 10.00<\/td><td>1. Kobiety z Ravensbr\u00fcck<\/td><td>w uzgodnieniu<\/td><\/tr><tr><td>25.04.2024 10.00<\/td><td>Dzie\u0144 Ziemi \u2013 \u201eKryzys klimatyczny \u2013 kryzys planetarny\u201d<\/td><td>p. Prof. dr hab. Szymon Malinowski wyk\u0142ad otwarty<\/td><\/tr><\/tbody><\/table><\/figure>\n\n\n\n<figure class=\"wp-block-table\"><table><tbody><tr><td colspan=\"3\"><strong><em>I N N E<\/em><\/strong><\/td><\/tr><tr><td>26 -29.04.2024<\/td><td><em>Wycieczka do Wroc\u0142awia<\/em><\/td><td><em>Zarz\u0105d<\/em><\/td><\/tr><tr><td colspan=\"3\"><strong>MAJ&nbsp; 2024<\/strong><\/td><\/tr><tr><td>09.05.2024 10.00 &nbsp; ok. 11.15<\/td><td>1. Cyberbezpiecze\u0144stwo. Sztuczna inteligencja. 2. Zabytki kultury materialnej &#8211; Wilan\u00f3w<\/td><td>p. Anna G\u00f3recka &nbsp; p. Ola Kresowska<\/td><\/tr><tr><td>16.05.2024 10.00<\/td><td>Dzie\u0144 Europy<\/td><td>p. Pawe\u0142 Kowal wyk\u0142ad otwarty<\/td><\/tr><tr><td>23.05. 2024 10.00<\/td><td>Sprawozdawczo Wyborcze WZC<\/td><td>Zarz\u0105d<\/td><\/tr><tr><td colspan=\"3\"><strong><em>I N N E<\/em><\/strong><\/td><\/tr><tr><td>11.05.2024<\/td><td><em>PIKNIK NW&nbsp; w Mieni<\/em><\/td><td><em>RS, Zarz\u0105d<\/em><\/td><\/tr><tr><td colspan=\"3\"><strong>&nbsp;&nbsp;&nbsp;&nbsp;&nbsp;&nbsp;&nbsp;&nbsp;&nbsp;&nbsp;&nbsp;&nbsp;&nbsp;&nbsp;&nbsp;&nbsp;&nbsp;&nbsp;&nbsp;&nbsp;&nbsp;&nbsp;&nbsp;&nbsp; CZERWIE C&nbsp; 2024<\/strong><em><\/em><\/td><\/tr><tr><td>06.06..2024 &nbsp; 11.00<\/td><td>Zako\u0144czenie roku akademickiego Jubileusz XV- lecia S\u201dRTW\u201d<\/td><td>Zarz\u0105d &nbsp; &nbsp;<\/td><\/tr><tr><td colspan=\"3\"><em>W A K A C J E<\/em><\/td><\/tr><tr><td>16 \u2013 25.06.2024<\/td><td>Wypoczynek letni&nbsp; w Busku Zdroju<\/td><td>koord. E. Ga\u0144ko<\/td><\/tr><tr><td>15 \u2013 27.08.2024<\/td><td>Wypoczynek letni w Rowach<\/td><td>koord. Z.H. Gryz<\/td><\/tr><tr><td>01 \u2013 13.09. 2024<\/td><td>Wypoczynek letni w Krynicy Morskiej<\/td><td>koord. Z. Grzelak<\/td><\/tr><\/tbody><\/table><\/figure>\n\n\n\n<p><strong>K\u0104CIK&nbsp; HISTORYCZNY &nbsp;\u2013 1. czwartek miesi\u0105ca&nbsp;&nbsp;<\/strong><\/p>\n\n\n\n<p><strong>K\u0104CIK&nbsp; BIBLIOTECZNY \u2013 3. czwartek miesi\u0105ca<\/strong><\/p>\n\n\n\n<p><strong>K\u0104CIK \u017bYCZENIOWY&nbsp;&nbsp; &nbsp;\u2013 ostatni czwartek miesi\u0105ca<\/strong><\/p>\n\n\n\n<p>W &nbsp;I &nbsp;SEMESTRZE&nbsp; 2023\/2024<\/p>\n\n\n\n<p>(5 PA\u0179DZIERNIKA 2023&nbsp; \u2013&nbsp; 28 stycznia 2024)<\/p>\n\n\n\n<figure class=\"wp-block-table\"><table><tbody><tr><td>Data\/godz<\/td><td>Temat wyk\u0142adu<\/td><td>Wyk\u0142adowca<\/td><\/tr><tr><td colspan=\"3\"><strong>&nbsp;&nbsp;&nbsp;&nbsp;&nbsp;&nbsp;&nbsp;&nbsp;&nbsp;&nbsp;&nbsp;&nbsp;&nbsp;&nbsp;&nbsp;&nbsp;&nbsp;&nbsp;&nbsp;&nbsp;&nbsp;&nbsp;&nbsp;&nbsp;&nbsp;&nbsp;&nbsp;&nbsp;&nbsp;&nbsp;&nbsp;&nbsp;&nbsp;&nbsp;&nbsp;&nbsp;&nbsp;&nbsp;&nbsp; PA\u0179DZIERNIK 2023<\/strong><\/td><\/tr><tr><td>&nbsp; 05.10.2023 &nbsp; 12.00 &nbsp; 13.00 &nbsp;<\/td><td>INAUGURACJA 1-Cz\u0119\u015b\u0107 oficjalna 2-Og\u00f3lnopolska Karta Seniora &nbsp; 3- Koncert \u201eStanis\u0142awa Celi\u0144ska kameralnie\u201d z zespo\u0142em pod kierownictwem Macieja Muraszko<\/td><td>Zarz\u0105d Koncert \u2013 wsp\u00f3\u0142finansowany przez w\u0142adze samorz\u0105dowe miasta, powiatu i&nbsp; gminy Mi\u0144sk Mazowiecki<\/td><\/tr><tr><td>&nbsp; 12.10.2023 &nbsp; 10.00<\/td><td>Podsumowanie edycji 6-tomowego dzie\u0142a pt. \u201eVI wiek\u00f3w Mi\u0144ska Mazowieckiego\u201d&nbsp; z okazji 600-lecia miasta &nbsp; <strong>wyk\u0142ad otwarty<\/strong><strong><\/strong><\/td><td>p. dr A. Nowik p. S. Kuligowski p. dr &nbsp;J. Kuligowski kx .Prof. Waldemar Gli\u0144ski p.&nbsp; Marek Zalewski p. dr Lilla K\u0142os &nbsp; w\u0142adze samorz\u0105dowe &nbsp; &nbsp;<\/td><\/tr><tr><td>&nbsp; 19.10.2023 10.00<em><\/em> <em>&nbsp;<\/em> ok. 11.30<\/td><td>1.Julian Tuwim \u2013 historia polskiego kabaretu 2. Inspekcja Handlowa \u2013 temat w uzgodnieniu<\/td><td>p. Igor Pogorzelski &nbsp; p. Wies\u0142awa Grochowska<\/td><\/tr><tr><td>&nbsp; 26.10.2023 &nbsp; 10.00<\/td><td>Piosenka przypomni Ci \u2026 &#8211;&nbsp; program artystyczny<\/td><td>&nbsp;koord. Ewa Ga\u0144ko<\/td><\/tr><tr><td colspan=\"3\"><strong><em>I N N E<\/em><\/strong><\/td><\/tr><tr><td><em>25.10.2023<\/em> wtorek <em>8.30<\/em> <em>MDK<\/em><\/td><td><em>Warszawa: Saska K\u0119pa i Park Skaryszewski<\/em><\/td><td><em>przewodnik<\/em> <em>Hubert Smoczyk<\/em><\/td><\/tr><tr><td><em>&nbsp;18.10.2023<\/em> \u015broda<\/td><td><em>Spotkanie &#8211; wyb\u00f3r tekst\u00f3w i zdj\u0119\u0107 do biuletynu S\u201dRTW\u201d<\/em><\/td><td><em>&nbsp;ZD<\/em> <em>koord. J. Maciejewska<\/em><em><\/em><\/td><\/tr><tr><td><em>20.10.2023<\/em> <em>godz. \u2026<\/em><\/td><td><em>\u015awi\u0119to ziemniaka \u2013 piknk integracyjny<\/em><\/td><td><em>Rada S\u0142uchaczy<\/em><\/td><\/tr><tr><td><em>wyjazd<\/em>  ok. 18.00 <em>27.10.2023<\/em><em> <\/em><em>Och Teatr<\/em><\/td><td><em>Spektakl \u201eMetoda\u201d<\/em><\/td><td><em>koord.<\/em> <em>Z. Drabarek<\/em> <em>&nbsp;<\/em><\/td><\/tr><tr><td><em>&nbsp;<\/em><\/td><td><em>&nbsp;<\/em><\/td><td><em>&nbsp;<\/em><\/td><\/tr><tr><td colspan=\"3\"><strong>&nbsp;&nbsp;&nbsp;&nbsp;&nbsp;&nbsp;&nbsp;&nbsp;&nbsp;&nbsp;&nbsp;&nbsp;&nbsp;&nbsp;&nbsp;&nbsp;&nbsp;&nbsp;&nbsp;&nbsp;&nbsp;&nbsp;&nbsp;&nbsp;&nbsp;&nbsp;&nbsp;&nbsp;&nbsp;&nbsp;&nbsp;&nbsp;&nbsp;&nbsp;&nbsp;&nbsp;&nbsp;&nbsp;&nbsp;&nbsp;&nbsp;&nbsp; LISTOPAD 2023<\/strong><\/td><\/tr><tr><td>09.11.2023 10.00<\/td><td>\u015awi\u0119to Niepodleg\u0142o\u015bci: Polska i Fi\u0144ska droga do niepodleg\u0142o\u015bci &#8211; r\u00f3\u017cnice i wsp\u00f3lne mianowniki<\/td><td>&nbsp;p. Leszek Celej i zaproszeni go\u015bcie<\/td><\/tr><tr><td>16.11.2023 &nbsp; 10.00&nbsp; &#8211; 10.30 &nbsp; &nbsp; 10.30<\/td><td>1. Dzie\u0144 Niepodleg\u0142o\u015bci c.d. \u2013widowisko s\u0142owno \u2013 muzyczne PP nr 6 &nbsp;2.&nbsp; 95. rocznica powstania Biblioteki Narodowej i nasza MBP.<\/td><td>Przedszkolaki PP nr 6 &nbsp; &nbsp;<br>&nbsp; p. Karolina Wieczorek<\/td><\/tr><tr><td>23.11.2023 10.00 \u2013 11.30<\/td><td>Nasze zdrowie &#8211; kardiologia \u2013 &#8222;Wyb\u00f3r \u017cycia&#8221;.<\/td><td>p. Dorota Mironiuk &nbsp; &nbsp;<\/td><\/tr><tr><td>30.11.2023 10.00<\/td><td>Wis\u0142awa Szymborska \u2013 w 100. rocznic\u0119 urodzin \u2013 widowisko poetyckie.<\/td><td>Uczniowie Szko\u0142y Podstawowej nr 3 w MM<\/td><\/tr><tr><td colspan=\"3\"><strong><em>&nbsp;&nbsp;&nbsp;&nbsp;&nbsp;&nbsp;&nbsp;&nbsp;&nbsp;&nbsp;&nbsp;&nbsp;&nbsp;&nbsp;&nbsp;&nbsp;&nbsp;&nbsp;&nbsp;&nbsp;&nbsp;&nbsp;&nbsp;&nbsp;&nbsp;&nbsp;&nbsp;&nbsp; I N N E<\/em><\/strong><\/td><\/tr><tr><td><em>26.11.2023<\/em> <em>wyjazd<\/em>  ok. 16.30 MDK MSA<\/td><td><em>&nbsp;<\/em>&#8222;Sopranowy zawr\u00f3t g\u0142owy&#8221;<br>Filharmonia Narodowa<\/td><td><em>koord. Zyta Drabarek<\/em><\/td><\/tr><tr><td><em>&nbsp;<\/em><em>30.11.2023<\/em> <em>czwartek<\/em><em><\/em><\/td><td><em>Zabawa Andrzejkowa dla ch\u0119tnych.<\/em><\/td><td><em>Rada S\u0142uchaczy<\/em> <em>(sk\u0142adkowa<\/em><\/td><\/tr><tr><td><em>&nbsp;<\/em><\/td><td><em>&nbsp;<\/em><\/td><td><em>&nbsp;<\/em><\/td><\/tr><tr><td colspan=\"3\">&nbsp;<em>&nbsp;<\/em>&nbsp;&nbsp;&nbsp;&nbsp;&nbsp;&nbsp;&nbsp;&nbsp;&nbsp;&nbsp;&nbsp;&nbsp;&nbsp;&nbsp;&nbsp;&nbsp;&nbsp;&nbsp;&nbsp;&nbsp;&nbsp;&nbsp; &nbsp;&nbsp;&nbsp;&nbsp;&nbsp;&nbsp;&nbsp;&nbsp;&nbsp;&nbsp;&nbsp;&nbsp;&nbsp;&nbsp;&nbsp;&nbsp;&nbsp;&nbsp;&nbsp;&nbsp;&nbsp;&nbsp;&nbsp;<strong>GRUDZIE\u0143 2023<\/strong><\/td><\/tr><tr><td>07.12.2023 10.00 &nbsp; &nbsp; &nbsp; ok. 11.15<\/td><td>1. Cykl \u201eLeki z apteki\u201d&nbsp; &#8211; Leki maj\u0105 leczy\u0107 a nie szkodzi\u0107 &nbsp;<br> 2. Jak lekko i z dowcipem i\u015b\u0107 przez \u017cycie&nbsp;<\/td><td>p. Ewa Steckiewicz &#8211; Bartnicka &nbsp; &nbsp; <br>p. J. Szwalbe<\/td><\/tr><tr><td>14.12.2023 10.00 &nbsp; 11.00 <strong>&nbsp;<\/strong><\/td><td>1.Jase\u0142ka &nbsp;&#8211; widowisko o Bo\u017cym Narodzeniu &nbsp; &nbsp;2.Choinka og\u00f3lna dla wszystkich &#8211; wsp\u00f3lne kol\u0119dowanie z &nbsp;Ch\u00f3rem \u201e\u015apiewamy Razem\u201d-<\/td><td>&nbsp;Przedszkolaki z &nbsp;Domowego Przedszkola &nbsp; &nbsp; RS, Zarz\u0105d<\/td><\/tr><\/tbody><\/table><\/figure>\n\n\n\n<figure class=\"wp-block-table\"><table><tbody><tr><td>&nbsp;<\/td><td><strong><em>&nbsp;&nbsp;&nbsp;&nbsp;&nbsp;&nbsp;&nbsp;&nbsp;&nbsp;&nbsp; I N N E<\/em><\/strong><\/td><td>&nbsp;<\/td><\/tr><tr><td><em>1412.2023<\/em>  czwartek <em>ESTA<\/em><\/td><td><em>Spotkanie wigilijne w lokalu \u201eEsta\u201d (dla ch\u0119tnych)<\/em><\/td><td><em>Zarz\u0105d<\/em> <em>&nbsp;<\/em><\/td><\/tr><tr><td><em>&nbsp;<\/em><\/td><td><em>spotkanie w sprawie wyboru tekst\u00f3w i zdj\u0119\u0107 do biuletynu S\u201dRTW\u201d<\/em><\/td><td><em>ZD<\/em> <em>koord. J. Maciejewska<\/em><\/td><\/tr><tr><td colspan=\"3\"><strong>Przerwa \u015bwi\u0105teczna od 21.12.2022 do 07.01.2023<\/strong><em><\/em><\/td><\/tr><tr><td colspan=\"3\"><strong>&nbsp;&nbsp;&nbsp;&nbsp;&nbsp;&nbsp;&nbsp;&nbsp;&nbsp;&nbsp;&nbsp;&nbsp;&nbsp;&nbsp;&nbsp;&nbsp;&nbsp;&nbsp;&nbsp;&nbsp;&nbsp;&nbsp;&nbsp;&nbsp;&nbsp;&nbsp;&nbsp;&nbsp;&nbsp;&nbsp;&nbsp;&nbsp;&nbsp;&nbsp;&nbsp;&nbsp;&nbsp;&nbsp;&nbsp;&nbsp;&nbsp;&nbsp;&nbsp;&nbsp;&nbsp;&nbsp;&nbsp;&nbsp;&nbsp;&nbsp;&nbsp; STYCZE\u0143 2024<\/strong><\/td><\/tr><tr><td>11.01.2024 &nbsp; 10.00 &nbsp; 11.00<\/td><td>1.Dzie\u0144 Babci i Dziadka \u2013 program artystyczny &nbsp;<br> &nbsp;2.Zdrowe \u017cywienie<\/td><td>przedszkolaki z PP nr 6 &nbsp; &nbsp;<br>&nbsp;p. Cie\u015bli\u0144ska<\/td><\/tr><tr><td colspan=\"3\">Ferie zimowe 15 \u2013 28.01.2024<\/td><\/tr><tr><td colspan=\"3\"><em>Wypoczynek zimowy w Ustroniu \u015al\u0105skim&nbsp;&nbsp;&nbsp;&nbsp; &nbsp;&nbsp;\u2013 koord. Z. Grzelak<\/em> <br><em>Wypoczynek zimowy w Na\u0142\u0119czowie&nbsp;&nbsp;&nbsp;&nbsp;&nbsp;&nbsp;&nbsp;&nbsp;&nbsp; &nbsp;&nbsp;&nbsp;&nbsp;&nbsp;&nbsp;\u2013 koord. E. Ga\u0144ko<\/em><br>Wypoczynek zimowy w Szaflarach                   &#8211; koord. M. Kulma<\/td><\/tr><tr><td><em>&nbsp;<\/em><\/td><td><em>&nbsp;<\/em><\/td><td><em>&nbsp;<\/em><\/td><\/tr><\/tbody><\/table><\/figure>\n\n\n\n<p><strong>K\u0104CIK&nbsp; HISTORYCZNY \u2013 1. czwartek miesi\u0105ca&nbsp;&nbsp;<\/strong><\/p>\n\n\n\n<p><strong>K\u0104CIK&nbsp; BIBLIOTECZNY \u2013 3. czwartek miesi\u0105ca<\/strong><\/p>\n\n\n\n<p><strong>K\u0104CIK \u017bYCZENIOWY \u2013 ostatni czwartek miesi\u0105ca<\/strong><\/p>\n\n\n\n<p>Realizacja projektu Urz\u0119du Miasta \u201eKoncertowa jesie\u0144 Rado\u015bci Trzeciego Wieku\u201d&nbsp;<\/p>\n\n\n\n<p><span style=\"text-decoration: underline;\"><strong><em>WYK\u0141ADY&nbsp; W&nbsp; MARCU 2023<\/em><\/strong><\/span><\/p>\n\n\n<p><em><strong>02.03.2023<\/strong><\/em>\u00a0 &#8211; godz. 10.00\u00a0 \u00a0&#8211; Wyk\u0142ad 1\u00a0 &#8211; <strong>&#8222;Afryka oczami pracownika UNICEF. Wybrane kultury afryka\u0144skie &#8211; jak<\/strong> <strong>skutecznie pomaga\u0107&#8221;\u00a0<\/strong> \u00a0 &#8211; wyk\u0142. p. A. Podolecka\u00a0 &#8211; <strong>wyk\u0142ad otwarty<\/strong><\/p>\n<p>godz. 11.40\u00a0 \u00a0&#8211;\u00a0 Wyk\u0142ad\u00a0 2\u00a0 &#8211; <strong>&#8222;Epidemiologia i profilaktyka chor\u00f3b odkleszczowych&#8221;<\/strong> &#8211; wyk\u0142. prac. SANEPID-u Mi\u0144sk Maz.<\/p>\n<p><em><strong>09.03.2023 &#8211;\u00a0<\/strong><\/em> godz. 10.00\u00a0 &#8211; Wyk\u0142ad 1. <strong>&#8222;O kobietach: Muzy artyst\u00f3w&#8221; &#8211; <\/strong>wyk\u0142. p. Igor Pogorzelski<\/p>\n<p>godz. ok. 11.30 &#8211; <strong>Szcz\u0119\u015bliwa &#8222;60&#8221;<\/strong> &#8211; wyst\u0119p kabaretowy (seniorzy z Warszawy)<\/p>\n<p><em><strong>16.03.2023<\/strong><\/em> &#8211; godz. 10.00 &#8211; wyk\u0142ad 1 &#8211; <strong>&#8222;Ca\u0142y \u015bwiat to scena&#8221;<\/strong>\u00a0 &#8211; wyk\u0142.\u00a0 p. K. Zalewska<\/p>\n<p>godz. ok. 11.20 &#8211; wyk\u0142ad 2 &#8211; <strong>&#8222;Mi\u0142o\u015b\u0107, seks i filozofia&#8221;<\/strong> &#8211;\u00a0 wyk\u0142. dr filozofii\u00a0 p. T. Femiak<\/p>\n<p><em><strong>23.03.2023<\/strong><\/em> &#8211; godz. 10.00 &#8211; Wyk\u0142ad 1\u00a0 &#8211;\u00a0 <strong>&#8222;Kultura Azji&#8221;<\/strong> &#8211; wyk\u0142. p. E. Matejko &#8211; Paszkowska<\/p>\n<p>godz. ok. 11.20 -cz\u0119\u015b\u0107 2 &#8211; <strong>&#8222;Powitanie wiosny&#8221;<\/strong> (kapelusze) &#8211; Rada S\u0142uchaczy, koord. kol. E. Ga\u0144ko<\/p>\n<p><em><strong>30.03.2023<\/strong> <\/em>&#8211; godz. 10.00 &#8211; Wyk\u0142ad 1 &#8211; <strong>&#8222;Tradycje wielkanocne w sztuce&#8221;<\/strong> &#8211; wyk\u0142. p. Iwona Pleskot<\/p>\n<p>godz. ok. 11.30 &#8211; wyk\u0142ad 2 &#8211; <strong>&#8222;Jak czyta\u0107 etykiety produkt\u00f3w chemicznych&#8221;<\/strong> &#8211; wyk\u0142. prac. SANEPID-u Mi\u0144sk Maz.<\/p>\n<p>INNE<\/p>\n<p><em><strong>10.03.2023<\/strong><\/em>\u00a0 &#8211; <strong>wyjazd spod MDK i MSA ok.\u00a0 godz. 17.15\u00a0<\/strong> &#8211; spektakl pt. &#8222;NIEPAMI\u0118\u0106&#8221; (GARNIZON SZTUKI &#8211; pocz\u0105tek spektaklu godz. 19.00)<\/p>\n<p><em><strong>27.03.2023<\/strong> <\/em>&#8211; <strong>wyjazd spod MDK i MSA ok. 10.40\u00a0 \u00a0&#8211; <\/strong>do Muzeum Powstania Warszawskiego<\/p>\n<p>Zarz\u0105d<\/p>","protected":false},"excerpt":{"rendered":"<p>SZCZEG\u00d3\u0141OWY&nbsp; ROZK\u0141AD &nbsp;ZAJE\u0106 S\u0141UCHACZY&nbsp; MUTW W &nbsp;II &nbsp;SEMESTRZE&nbsp; 2024\/2025 (17 lutego 2025&nbsp; \u2013&nbsp; 05 czerwca 2025) Data\/godz Temat wyk\u0142adu Wyk\u0142adowca &nbsp;&nbsp;&nbsp;&nbsp;&nbsp;&nbsp; &nbsp;&nbsp;&nbsp;&nbsp;&nbsp;&nbsp;&nbsp;&nbsp;&nbsp;&nbsp;&nbsp;&nbsp;&nbsp;&nbsp;&nbsp;&nbsp;&nbsp;&nbsp;&nbsp;&nbsp;&nbsp;&nbsp;&nbsp;&nbsp;&nbsp;LUTY 2025 &nbsp; 20.02.2025 &nbsp; 10.00 &nbsp; 11.20 \u00a0 Cyberbezpiecze\u0144stwo \u00a0Zarz\u0105dzanie kryzysowe &nbsp; Anna G\u00f3recka &nbsp; koord.&nbsp; Miros\u0142awa Bieda &nbsp; &nbsp; 27.02.2025 &nbsp; 10.00 &nbsp;&nbsp;&nbsp;&nbsp; Adam Asnyk &nbsp;(1838 \u2013 1897) widowisko poetyckie &nbsp;Uczniowie SP &nbsp;nr 3, s\u0142uchacze MUTW I <span class=\"more-button\"><a class=\"more-link\" href=\"https:\/\/www.aktywnyseniormm.pl\/index.php\/wyklady\/\">Czytaj ca\u0142o\u015b\u0107<\/a><\/span><\/p>\n","protected":false},"author":1,"featured_media":0,"parent":0,"menu_order":0,"comment_status":"closed","ping_status":"closed","template":"","meta":{"footnotes":""},"class_list":["post-85","page","type-page","status-publish","hentry"],"_links":{"self":[{"href":"https:\/\/www.aktywnyseniormm.pl\/index.php\/wp-json\/wp\/v2\/pages\/85","targetHints":{"allow":["GET"]}}],"collection":[{"href":"https:\/\/www.aktywnyseniormm.pl\/index.php\/wp-json\/wp\/v2\/pages"}],"about":[{"href":"https:\/\/www.aktywnyseniormm.pl\/index.php\/wp-json\/wp\/v2\/types\/page"}],"author":[{"embeddable":true,"href":"https:\/\/www.aktywnyseniormm.pl\/index.php\/wp-json\/wp\/v2\/users\/1"}],"replies":[{"embeddable":true,"href":"https:\/\/www.aktywnyseniormm.pl\/index.php\/wp-json\/wp\/v2\/comments?post=85"}],"version-history":[{"count":24,"href":"https:\/\/www.aktywnyseniormm.pl\/index.php\/wp-json\/wp\/v2\/pages\/85\/revisions"}],"predecessor-version":[{"id":15167,"href":"https:\/\/www.aktywnyseniormm.pl\/index.php\/wp-json\/wp\/v2\/pages\/85\/revisions\/15167"}],"wp:attachment":[{"href":"https:\/\/www.aktywnyseniormm.pl\/index.php\/wp-json\/wp\/v2\/media?parent=85"}],"curies":[{"name":"wp","href":"https:\/\/api.w.org\/{rel}","templated":true}]}}